{"id":1170,"date":"2021-03-13T02:42:05","date_gmt":"2021-03-13T01:42:05","guid":{"rendered":"http:\/\/www.lucmassontodeschini.com\/?page_id=1170"},"modified":"2022-02-22T16:21:49","modified_gmt":"2022-02-22T15:21:49","slug":"a-propos-about","status":"publish","type":"page","link":"https:\/\/www.lucmassontodeschini.com\/?page_id=1170","title":{"rendered":"\u00c0 propos \/ About"},"content":{"rendered":"\n<figure class=\"wp-block-image size-large is-resized is-style-default\"><a href=\"https:\/\/www.lucmassontodeschini.com\/wp-content\/uploads\/unnamed.jpeg\"><img loading=\"lazy\" decoding=\"async\" src=\"https:\/\/www.lucmassontodeschini.com\/wp-content\/uploads\/unnamed.jpeg\" alt=\"\" class=\"wp-image-1199\" width=\"268\" height=\"331\" srcset=\"https:\/\/www.lucmassontodeschini.com\/wp-content\/uploads\/unnamed.jpeg 777w, https:\/\/www.lucmassontodeschini.com\/wp-content\/uploads\/unnamed-243x300.jpeg 243w, https:\/\/www.lucmassontodeschini.com\/wp-content\/uploads\/unnamed-768x949.jpeg 768w\" sizes=\"(max-width: 268px) 85vw, 268px\" \/><\/a><figcaption>Portrait r\u00e9alis\u00e9 par \u00a9<a rel=\"noreferrer noopener\" href=\"https:\/\/lukedarko.com\/\" target=\"_blank\">Luke Darko<\/a><\/figcaption><\/figure>\n\n\n\n<p><\/p>\n\n\n\n<h2 class=\"wp-block-heading\"><strong>Mais qui diable est LMT?<\/strong><\/h2>\n\n\n\n<p class=\"has-text-align-justify\">Je m&rsquo;appelle Luc Masson-Todeschini et je suis n\u00e9 \u00e0 Longwy en Lorraine. Je suis ing\u00e9nieur informatique. J\u2019ai commenc\u00e9 la photo \u00e0 l\u2019\u00e2ge de 7 ans et j\u2019en ai maintenant 41. J\u2019ai essay\u00e9 diff\u00e9rents supports et formats depuis tout ce temps et j\u2019ai gard\u00e9 un souvenir agr\u00e9able de mon premier appareil instantan\u00e9, un polaroid 635 CL. Je ne l\u2019ai pas beaucoup utilis\u00e9 \u00e0 cette \u00e9poque car les films \u00e9taient assez chers, mais j\u2019ai gard\u00e9 le souvenir de cette magie d\u2019avoir sa photo tout de suite et de la voir se d\u00e9velopper sous ses yeux.<br>J\u2019ai grandi avec un reflex 35mm en \u00e9tant le photographe de la famille.<\/p>\n\n\n\n<p class=\"has-text-align-justify\">Au d\u00e9but des ann\u00e9es 2000 j\u2019ai pris le virage du num\u00e9rique comme beaucoup, mais en 2012 j\u2019ai eu envie d\u2019autre chose. J\u2019ai repens\u00e9 \u00e0 mon vieux pola qui tra\u00eenait chez mes parents mais je d\u00e9couvris avec tristesse que Polaroid avait stopp\u00e9 sa production en 2008. Gr\u00e2ce \u00e0 <a rel=\"noreferrer noopener\" href=\"https:\/\/polaroid-passion.com\" data-type=\"URL\" data-id=\"https:\/\/polaroid-passion.com\" target=\"_blank\">Polaroid-Passion<\/a> j\u2019appris l\u2019existence d\u2019Impossible Project qui a repris la production. J\u2019ai donc command\u00e9 mes premiers packs de films et je n\u2019ai plus arr\u00eat\u00e9 depuis.<\/p>\n\n\n\n<p class=\"has-text-align-justify\">En tant que photographe, je dirais que je suis un touche-\u00e0-tout, sans ligne directrice ni gimmick photographique, libre de traiter tous les sujets.<br>J\u2019ai d\u00e9cid\u00e9 de retourner \u00e0 la photographie instantan\u00e9e pour changer d\u2019approche. En photo num\u00e9rique, la tentation d\u2019appuyer sur le d\u00e9clencheur et faire sa s\u00e9lection a posteriori du meilleur clich\u00e9 est grande. Avec la photo instantan\u00e9e il faut penser son clich\u00e9 et saisir l\u2019instant au meilleur moment. De plus cela donne une essence physique \u00e0 une image au lieu de stocker des fichiers qu\u2019on ne regarde jamais.<br>J\u2019ai une relation charnelle \u00e0 toutes mes images, je les sors souvent de leurs boites pour me rem\u00e9morer l\u2019instant. Le temps est une notion changeante et intangible, la photo instantan\u00e9e permet de lui donner un v\u00e9ritable sens physique.<\/p>\n\n\n\n<p><\/p>\n\n\n\n<h2 class=\"wp-block-heading\">Who the hell is LMT?<\/h2>\n\n\n\n<p class=\"has-text-align-justify\">My name is Luc Masson Todeschini, I was born in Longwy, north east of France. I am currently an engineer in computers. I started photography at age of 7 and I am now almost 41. I tried a lot of support and format, and as a kid I experienced Instant film with a 636CL Camera.What a pleasure to have a photograph right after having shot it\u2026 I did not use it a lot, cartridges were pricey and my family was not very wealthy. I grew up with 35mm reflex camera, as photographer of the family.<\/p>\n\n\n\n<p class=\"has-text-align-justify\">Passing from 35mm to digital in 2000\u2019s years, in 2012, quite tired of the result I thought to my Instant camera. I asked my mum if the camera was still there and she said so. I discovered Polaroid stopped production but a crazy company restarted it on <a rel=\"noreferrer noopener\" href=\"https:\/\/www.polaroid-passion.com\" data-type=\"URL\" data-id=\"https:\/\/www.polaroid-passion.com\" target=\"_blank\">Polaroid-Passion<\/a>. Ordered my first film in September and started shooting with this all new support. Never stopped since then!<\/p>\n\n\n\n<p class=\"has-text-align-justify\">As a photographer, I would say I am a touche \u00e0 tout. I have no guidelines, and no attach to photographical gimmick. I consider that I don\u2019t want to be a prisoner of a specific style.&nbsp;I decided to go back to instant photo to have a different approach. On the digital side, I think we are to inclined to push the shutter button and then make a selection. With instant film, it push me to think about everything before pushing the shutter. Furthermore, it gives a physical existence to image instead of storing digital file you never look at. <br>I have a relationship to all my images, and sometimes I take them off their boxes, and look at them, remembering the moment.Time is something changing, intangible, with a physical image I give a physical sense to that.<\/p>\n\n\n\n<p><\/p>\n\n\n\n<figure class=\"wp-block-image size-large is-resized is-style-default\"><a href=\"https:\/\/www.lucmassontodeschini.com\/wp-content\/uploads\/IMG_4950.jpeg\"><img loading=\"lazy\" decoding=\"async\" src=\"https:\/\/www.lucmassontodeschini.com\/wp-content\/uploads\/IMG_4950.jpeg\" alt=\"Portrait par \u00a9Olivier Vinot\" class=\"wp-image-1257\" width=\"211\" height=\"317\" srcset=\"https:\/\/www.lucmassontodeschini.com\/wp-content\/uploads\/IMG_4950.jpeg 640w, https:\/\/www.lucmassontodeschini.com\/wp-content\/uploads\/IMG_4950-200x300.jpeg 200w\" sizes=\"(max-width: 211px) 85vw, 211px\" \/><\/a><figcaption>Portrait r\u00e9alis\u00e9 par \u00a9<a rel=\"noreferrer noopener\" href=\"https:\/\/www.facebook.com\/oliviervinotphotographie\/\" data-type=\"URL\" data-id=\"https:\/\/www.facebook.com\/oliviervinotphotographie\/\" target=\"_blank\">Olivier Vinot<\/a><\/figcaption><\/figure>\n\n\n\n<p><\/p>\n","protected":false},"excerpt":{"rendered":"<p>Mais qui diable est LMT? Je m&rsquo;appelle Luc Masson-Todeschini et je suis n\u00e9 \u00e0 Longwy en Lorraine. Je suis ing\u00e9nieur informatique. J\u2019ai commenc\u00e9 la photo \u00e0 l\u2019\u00e2ge de 7 ans et j\u2019en ai maintenant 41. J\u2019ai essay\u00e9 diff\u00e9rents supports et formats depuis tout ce temps et j\u2019ai gard\u00e9 un souvenir agr\u00e9able de mon premier appareil &hellip; <a href=\"https:\/\/www.lucmassontodeschini.com\/?page_id=1170\" class=\"more-link\">Continuer la lecture<span class=\"screen-reader-text\"> de &laquo;&nbsp;\u00c0 propos \/ About&nbsp;&raquo;<\/span><\/a><\/p>\n","protected":false},"author":1,"featured_media":0,"parent":0,"menu_order":0,"comment_status":"closed","ping_status":"closed","template":"","meta":{"advanced_seo_description":"","jetpack_seo_html_title":"","jetpack_seo_noindex":false,"jetpack_post_was_ever_published":false,"footnotes":""},"class_list":["post-1170","page","type-page","status-publish","hentry"],"jetpack_sharing_enabled":true,"jetpack_shortlink":"https:\/\/wp.me\/P6d5SP-iS","_links":{"self":[{"href":"https:\/\/www.lucmassontodeschini.com\/index.php?rest_route=\/wp\/v2\/pages\/1170"}],"collection":[{"href":"https:\/\/www.lucmassontodeschini.com\/index.php?rest_route=\/wp\/v2\/pages"}],"about":[{"href":"https:\/\/www.lucmassontodeschini.com\/index.php?rest_route=\/wp\/v2\/types\/page"}],"author":[{"embeddable":true,"href":"https:\/\/www.lucmassontodeschini.com\/index.php?rest_route=\/wp\/v2\/users\/1"}],"replies":[{"embeddable":true,"href":"https:\/\/www.lucmassontodeschini.com\/index.php?rest_route=%2Fwp%2Fv2%2Fcomments&post=1170"}],"version-history":[{"count":11,"href":"https:\/\/www.lucmassontodeschini.com\/index.php?rest_route=\/wp\/v2\/pages\/1170\/revisions"}],"predecessor-version":[{"id":1349,"href":"https:\/\/www.lucmassontodeschini.com\/index.php?rest_route=\/wp\/v2\/pages\/1170\/revisions\/1349"}],"wp:attachment":[{"href":"https:\/\/www.lucmassontodeschini.com\/index.php?rest_route=%2Fwp%2Fv2%2Fmedia&parent=1170"}],"curies":[{"name":"wp","href":"https:\/\/api.w.org\/{rel}","templated":true}]}}